{"id":16531,"date":"2024-07-09T10:38:21","date_gmt":"2024-07-09T16:38:21","guid":{"rendered":"https:\/\/lay.wek.mybluehost.me\/?page_id=16531"},"modified":"2025-01-10T09:53:32","modified_gmt":"2025-01-10T15:53:32","slug":"politica-de-privacidad","status":"publish","type":"page","link":"https:\/\/caferanaazul.com\/es\/politica-de-privacidad\/","title":{"rendered":"Pol\u00edtica de privacidad"},"content":{"rendered":"\t\t<div data-elementor-type=\"wp-page\" data-elementor-id=\"16531\" class=\"elementor elementor-16531\">\n\t\t\t\t<div class=\"elementor-element elementor-element-2f2f3a6e e-flex e-con-boxed e-con e-parent\" data-id=\"2f2f3a6e\" data-element_type=\"container\" data-e-type=\"container\">\n\t\t\t\t\t<div class=\"e-con-inner\">\n\t\t\t\t<div class=\"elementor-element elementor-element-5b1f46d4 exad-sticky-section-no exad-glass-effect-no elementor-widget elementor-widget-text-editor\" data-id=\"5b1f46d4\" data-element_type=\"widget\" data-e-type=\"widget\" data-widget_type=\"text-editor.default\">\n\t\t\t\t<div class=\"elementor-widget-container\">\n\t\t\t\t\t\t\t\t\t<p><strong>Pol\u00edtica de Privacidad<\/strong><\/p><p>En Caf\u00e9 Rana Azul entendemos y nos comprometemos con respetar su privacidad, por lo que reconocemos que dicha informaci\u00f3n que comparte debe tener una protecci\u00f3n adecuada y \u00e9tica, misma que se usa para procesar pedidos y ofrecer una experiencia de compra m\u00e1s personalizada.<\/p><p>_________________________________________________________________________________________________________________________________________________________________________________________________________________<\/p><p><strong>Recolecci\u00f3n de informaci\u00f3n del usuario<\/strong><\/p><p>El usuario puede visitar la p\u00e1gina web sin revelar informaci\u00f3n\u00a0personal, la informaci\u00f3n que se recopila como la IP de donde nos visitan se\u00a0analiza para datos de tendencia y estad\u00edstica, pero cada usuario permanece en forma an\u00f3nima a menos que voluntariamente no lo indique.<\/p><p>En algunos casos como al comprar un producto si se solicita informaci\u00f3n como su nombre, correo electr\u00f3nico, direcci\u00f3n de facturaci\u00f3n y env\u00edo, n\u00famero telef\u00f3nico e informaci\u00f3n de la tarjeta de cr\u00e9dito\/d\u00e9bito, pero esta informaci\u00f3n solo se usa para para mantener un registro de compras y tambi\u00e9n se utiliza para mantener contacto con nuestros clientes.<\/p><p>Se aclara que, la informaci\u00f3n que proporciona es completamente a su propia\u00a0elecci\u00f3n, por lo que la falta de informaci\u00f3n que no brinde nos dificultar\u00e1 el procesamiento de su pedido.\u00a0<\/p><p>_________________________________________________________________________________________________________________________________________________________________________________________________________________<\/p><p><strong>Utilizaci\u00f3n de la informaci\u00f3n<\/strong><\/p><p>Los datos obtenidos se mantendr\u00e1n bajo estricta confidencialidad y en ninguna circunstancia ser\u00e1 compartida a terceros que no est\u00e9n relacionados a Caf\u00e9 Rana Azul y ser\u00e1n utilizados para fines internos para notificarles el estado de su pedido en cumplimiento de su solicitud, anunciar informaci\u00f3n de la empresa, promociones, recomendaciones de inter\u00e9s sobre temas de caf\u00e9. Esto nos ayuda a tener estad\u00edsticas tambi\u00e9n para el dise\u00f1o de la web y que esta sea pr\u00e1ctica y \u00fatil. Las personas que brindan el n\u00famero telef\u00f3nico solamente se le contactar\u00e1 para temas relacionados al pedido o servicio al cliente general.<\/p><p>Por otro lado, si usted decide participar en un concurso u otra promoci\u00f3n o comprar v\u00eda tel\u00e9fono, es posible que necesitemos contactarlo por medio de correo electr\u00f3nico o tel\u00e9fono celular para resolver dudas o tema espec\u00edfico del pedido, incluso si no ha optado por no recibir comunicaciones ya que con esto garantizamos la calidad y seguimiento del servicio.<\/p><p>_________________________________________________________________________________________________________________________________________________________________________________________________________________<\/p><p><strong>Compromiso con la seguridad<\/strong><\/p><p>Con relaci\u00f3n a nuestro sitio web\u00a0<em>caferanaazul.com <\/em>nos encargamos de brindarle seguridad y privacidad cuando usted realiza una orden o ingresa informaci\u00f3n a su cuenta ya que contamos con un servidor seguro. Todos los datos de nuestros usuarios est\u00e1n protegidos contra el acceso no autorizado y la informaci\u00f3n es encriptada antes de que se env\u00ede a trav\u00e9s de internet. Cualquier duda que pueda tener\u00a0 no dude en ponerse en contacto con nosotros por medio del WhatsApp 8394-1010 y obtener m\u00e1s informaci\u00f3n o env\u00edanos un correo electr\u00f3nico a <a href=\"mailto:info@caferanaazul.com\">info@caferanaazul.com<\/a><\/p><p>_________________________________________________________________________________________________________________________________________________________________________________________________________________<\/p><p><strong>Divulgaci\u00f3n datos personales<\/strong><\/p><p>El usuario dispondr\u00e1 en todo momento de los derechos de informaci\u00f3n, rectificaci\u00f3n y cancelaci\u00f3n de datos dispuesto en la Ley No. 8968, \u00abProtecci\u00f3n de Datos Personales\u00bb, adem\u00e1s como empresa nos debemos al secreto profesional sobre toda informaci\u00f3n, documento u otro conocimiento estando obligados a no hacer p\u00fablico ning\u00fan dato que se conozca en ocasi\u00f3n de ejecuci\u00f3n incluso despu\u00e9s de finalizar el uso del sitio web . Queda prohibido copiar documentos o datos a terceros, adem\u00e1s de la realizaci\u00f3n o reproducci\u00f3n por cualquier medio a alguna persona f\u00edsica o jur\u00eddica de los datos brindados.<\/p>\t\t\t\t\t\t\t\t<\/div>\n\t\t\t\t<\/div>\n\t\t\t\t\t<\/div>\n\t\t\t\t<\/div>\n\t\t<div class=\"elementor-element elementor-element-0d4a230 e-flex e-con-boxed e-con e-parent\" data-id=\"0d4a230\" data-element_type=\"container\" data-e-type=\"container\">\n\t\t\t\t\t<div class=\"e-con-inner\">\n\t\t\t\t<div class=\"elementor-element elementor-element-ac7a63d exad-sticky-section-no exad-glass-effect-no elementor-widget elementor-widget-edgtf_button\" data-id=\"ac7a63d\" data-element_type=\"widget\" data-e-type=\"widget\" data-widget_type=\"edgtf_button.default\">\n\t\t\t\t<div class=\"elementor-widget-container\">\n\t\t\t\t\t<a itemprop=\"url\" href=\"https:\/\/caferanaazul.com\/contacto\/\" target=\"_self\"  class=\"edgtf-btn edgtf-btn-medium edgtf-btn-solid\"  >\n\t<span class=\"edgtf-btn-text\">Cont\u00e1ctanos<\/span>\n    <\/a>\t\t\t\t<\/div>\n\t\t\t\t<\/div>\n\t\t\t\t\t<\/div>\n\t\t\t\t<\/div>\n\t\t\t\t<\/div>\n\t\t","protected":false},"excerpt":{"rendered":"<p>Pol\u00edtica de Privacidad En Caf\u00e9 Rana Azul entendemos y nos comprometemos con respetar su privacidad, por lo que reconocemos que dicha informaci\u00f3n que comparte debe tener una protecci\u00f3n adecuada y&#8230;<\/p>\n","protected":false},"author":8,"featured_media":0,"parent":0,"menu_order":0,"comment_status":"closed","ping_status":"closed","template":"","meta":{"inline_featured_image":false,"_monsterinsights_skip_tracking":false,"_joinchat":[],"footnotes":""},"class_list":["post-16531","page","type-page","status-publish","hentry"],"yoast_head":"<!-- This site is optimized with the Yoast SEO plugin v28.3 - https:\/\/yoast.com\/product\/yoast-seo-wordpress\/ -->\n<title>Pol\u00edtica de privacidad - Caf\u00e9 Rana Azul<\/title>\n<meta name=\"robots\" content=\"index, follow, max-snippet:-1, max-image-preview:large, max-video-preview:-1\" \/>\n<link rel=\"canonical\" href=\"https:\/\/caferanaazul.com\/es\/politica-de-privacidad\/\" \/>\n<meta property=\"og:locale\" content=\"es_ES\" \/>\n<meta property=\"og:type\" content=\"article\" \/>\n<meta property=\"og:title\" content=\"Pol\u00edtica de privacidad - Caf\u00e9 Rana Azul\" \/>\n<meta property=\"og:description\" content=\"Pol\u00edtica de Privacidad En Caf\u00e9 Rana Azul entendemos y nos comprometemos con respetar su privacidad, por lo que reconocemos que dicha informaci\u00f3n que comparte debe tener una protecci\u00f3n adecuada y...\" \/>\n<meta property=\"og:url\" content=\"https:\/\/caferanaazul.com\/es\/politica-de-privacidad\/\" \/>\n<meta property=\"og:site_name\" content=\"Caf\u00e9 Rana Azul\" \/>\n<meta property=\"article:modified_time\" content=\"2025-01-10T15:53:32+00:00\" \/>\n<meta name=\"twitter:card\" content=\"summary_large_image\" \/>\n<meta name=\"twitter:label1\" content=\"Tiempo de lectura\" \/>\n\t<meta name=\"twitter:data1\" content=\"3 minutos\" \/>\n<script type=\"application\/ld+json\" class=\"yoast-schema-graph\">{\"@context\":\"https:\\\/\\\/schema.org\",\"@graph\":[{\"@type\":\"WebPage\",\"@id\":\"https:\\\/\\\/caferanaazul.com\\\/es\\\/politica-de-privacidad\\\/\",\"url\":\"https:\\\/\\\/caferanaazul.com\\\/es\\\/politica-de-privacidad\\\/\",\"name\":\"Pol\u00edtica de privacidad - Caf\u00e9 Rana Azul\",\"isPartOf\":{\"@id\":\"https:\\\/\\\/caferanaazul.com\\\/es\\\/#website\"},\"datePublished\":\"2024-07-09T16:38:21+00:00\",\"dateModified\":\"2025-01-10T15:53:32+00:00\",\"breadcrumb\":{\"@id\":\"https:\\\/\\\/caferanaazul.com\\\/es\\\/politica-de-privacidad\\\/#breadcrumb\"},\"inLanguage\":\"es\",\"potentialAction\":[{\"@type\":\"ReadAction\",\"target\":[\"https:\\\/\\\/caferanaazul.com\\\/es\\\/politica-de-privacidad\\\/\"]}]},{\"@type\":\"BreadcrumbList\",\"@id\":\"https:\\\/\\\/caferanaazul.com\\\/es\\\/politica-de-privacidad\\\/#breadcrumb\",\"itemListElement\":[{\"@type\":\"ListItem\",\"position\":1,\"name\":\"Home\",\"item\":\"https:\\\/\\\/caferanaazul.com\\\/es\\\/\"},{\"@type\":\"ListItem\",\"position\":2,\"name\":\"Pol\u00edtica de privacidad\"}]},{\"@type\":\"WebSite\",\"@id\":\"https:\\\/\\\/caferanaazul.com\\\/es\\\/#website\",\"url\":\"https:\\\/\\\/caferanaazul.com\\\/es\\\/\",\"name\":\"Caf\u00e9 Rana Azul\",\"description\":\"\",\"potentialAction\":[{\"@type\":\"SearchAction\",\"target\":{\"@type\":\"EntryPoint\",\"urlTemplate\":\"https:\\\/\\\/caferanaazul.com\\\/es\\\/?s={search_term_string}\"},\"query-input\":{\"@type\":\"PropertyValueSpecification\",\"valueRequired\":true,\"valueName\":\"search_term_string\"}}],\"inLanguage\":\"es\"}]}<\/script>\n<!-- \/ Yoast SEO plugin. -->","yoast_head_json":{"title":"Pol\u00edtica de privacidad - Caf\u00e9 Rana Azul","robots":{"index":"index","follow":"follow","max-snippet":"max-snippet:-1","max-image-preview":"max-image-preview:large","max-video-preview":"max-video-preview:-1"},"canonical":"https:\/\/caferanaazul.com\/es\/politica-de-privacidad\/","og_locale":"es_ES","og_type":"article","og_title":"Pol\u00edtica de privacidad - Caf\u00e9 Rana Azul","og_description":"Pol\u00edtica de Privacidad En Caf\u00e9 Rana Azul entendemos y nos comprometemos con respetar su privacidad, por lo que reconocemos que dicha informaci\u00f3n que comparte debe tener una protecci\u00f3n adecuada y...","og_url":"https:\/\/caferanaazul.com\/es\/politica-de-privacidad\/","og_site_name":"Caf\u00e9 Rana Azul","article_modified_time":"2025-01-10T15:53:32+00:00","twitter_card":"summary_large_image","twitter_misc":{"Tiempo de lectura":"3 minutos"},"schema":{"@context":"https:\/\/schema.org","@graph":[{"@type":"WebPage","@id":"https:\/\/caferanaazul.com\/es\/politica-de-privacidad\/","url":"https:\/\/caferanaazul.com\/es\/politica-de-privacidad\/","name":"Pol\u00edtica de privacidad - Caf\u00e9 Rana Azul","isPartOf":{"@id":"https:\/\/caferanaazul.com\/es\/#website"},"datePublished":"2024-07-09T16:38:21+00:00","dateModified":"2025-01-10T15:53:32+00:00","breadcrumb":{"@id":"https:\/\/caferanaazul.com\/es\/politica-de-privacidad\/#breadcrumb"},"inLanguage":"es","potentialAction":[{"@type":"ReadAction","target":["https:\/\/caferanaazul.com\/es\/politica-de-privacidad\/"]}]},{"@type":"BreadcrumbList","@id":"https:\/\/caferanaazul.com\/es\/politica-de-privacidad\/#breadcrumb","itemListElement":[{"@type":"ListItem","position":1,"name":"Home","item":"https:\/\/caferanaazul.com\/es\/"},{"@type":"ListItem","position":2,"name":"Pol\u00edtica de privacidad"}]},{"@type":"WebSite","@id":"https:\/\/caferanaazul.com\/es\/#website","url":"https:\/\/caferanaazul.com\/es\/","name":"Caf\u00e9 Rana Azul","description":"","potentialAction":[{"@type":"SearchAction","target":{"@type":"EntryPoint","urlTemplate":"https:\/\/caferanaazul.com\/es\/?s={search_term_string}"},"query-input":{"@type":"PropertyValueSpecification","valueRequired":true,"valueName":"search_term_string"}}],"inLanguage":"es"}]}},"featured_image_src":null,"featured_image_src_square":null,"_links":{"self":[{"href":"https:\/\/caferanaazul.com\/es\/wp-json\/wp\/v2\/pages\/16531","targetHints":{"allow":["GET"]}}],"collection":[{"href":"https:\/\/caferanaazul.com\/es\/wp-json\/wp\/v2\/pages"}],"about":[{"href":"https:\/\/caferanaazul.com\/es\/wp-json\/wp\/v2\/types\/page"}],"author":[{"embeddable":true,"href":"https:\/\/caferanaazul.com\/es\/wp-json\/wp\/v2\/users\/8"}],"replies":[{"embeddable":true,"href":"https:\/\/caferanaazul.com\/es\/wp-json\/wp\/v2\/comments?post=16531"}],"version-history":[{"count":9,"href":"https:\/\/caferanaazul.com\/es\/wp-json\/wp\/v2\/pages\/16531\/revisions"}],"predecessor-version":[{"id":18609,"href":"https:\/\/caferanaazul.com\/es\/wp-json\/wp\/v2\/pages\/16531\/revisions\/18609"}],"wp:attachment":[{"href":"https:\/\/caferanaazul.com\/es\/wp-json\/wp\/v2\/media?parent=16531"}],"curies":[{"name":"wp","href":"https:\/\/api.w.org\/{rel}","templated":true}]}}