{"id":21055,"date":"2025-10-01T12:16:34","date_gmt":"2025-10-01T18:16:34","guid":{"rendered":"https:\/\/caferanaazul.com\/?page_id=21055"},"modified":"2026-01-13T09:04:43","modified_gmt":"2026-01-13T15:04:43","slug":"acerca-de-nosotros","status":"publish","type":"page","link":"https:\/\/caferanaazul.com\/es\/acerca-de-nosotros\/","title":{"rendered":"Sobre Nuestro Caf\u00e9"},"content":{"rendered":"\t\t<div data-elementor-type=\"wp-page\" data-elementor-id=\"21055\" class=\"elementor elementor-21055\">\n\t\t\t\t<div class=\"elementor-element elementor-element-7f451d1 e-flex e-con-boxed e-con e-parent\" data-id=\"7f451d1\" data-element_type=\"container\" data-e-type=\"container\">\n\t\t\t\t\t<div class=\"e-con-inner\">\n\t\t\t\t<div class=\"elementor-element elementor-element-1bccdfc elementor-widget-divider--separator-type-pattern elementor-widget-divider--no-spacing elementor-widget-divider--view-line exad-sticky-section-no exad-glass-effect-no elementor-widget elementor-widget-divider\" data-id=\"1bccdfc\" data-element_type=\"widget\" data-e-type=\"widget\" data-widget_type=\"divider.default\">\n\t\t\t\t<div class=\"elementor-widget-container\">\n\t\t\t\t\t\t\t<div class=\"elementor-divider\" style=\"--divider-pattern-url: url(&quot;data:image\/svg+xml,%3Csvg xmlns=&#039;http:\/\/www.w3.org\/2000\/svg&#039; preserveAspectRatio=&#039;xMidYMid meet&#039; overflow=&#039;visible&#039; height=&#039;100%&#039; viewBox=&#039;0 0 126 26&#039; fill=&#039;black&#039; stroke=&#039;none&#039;%3E%3Cpath d=&#039;M3,10.2c2.6,0,2.6,2,2.6,3.2S4.4,16.5,3,16.5s-3-1.4-3-3.2S0.4,10.2,3,10.2z M18.8,10.2c1.7,0,3.2,1.4,3.2,3.2s-1.4,3.2-3.2,3.2c-1.7,0-3.2-1.4-3.2-3.2S17,10.2,18.8,10.2z M34.6,10.2c1.5,0,2.6,1.4,2.6,3.2s-0.5,3.2-1.9,3.2c-1.5,0-3.4-1.4-3.4-3.2S33.1,10.2,34.6,10.2z M50.5,10.2c1.7,0,3.2,1.4,3.2,3.2s-1.4,3.2-3.2,3.2c-1.7,0-3.3-0.9-3.3-2.6S48.7,10.2,50.5,10.2z M66.2,10.2c1.5,0,3.4,1.4,3.4,3.2s-1.9,3.2-3.4,3.2c-1.5,0-2.6-0.4-2.6-2.1S64.8,10.2,66.2,10.2z M82.2,10.2c1.7,0.8,2.6,1.4,2.6,3.2s-0.1,3.2-1.6,3.2c-1.5,0-3.7-1.4-3.7-3.2S80.5,9.4,82.2,10.2zM98.6,10.2c1.5,0,2.6,0.4,2.6,2.1s-1.2,4.2-2.6,4.2c-1.5,0-3.7-0.4-3.7-2.1S97.1,10.2,98.6,10.2z M113.4,10.2c1.2,0,2.2,0.9,2.2,3.2s-0.1,3.2-1.3,3.2s-3.1-1.4-3.1-3.2S112.2,10.2,113.4,10.2z&#039;\/%3E%3C\/svg%3E&quot;);\">\n\t\t\t<span class=\"elementor-divider-separator\">\n\t\t\t\t\t\t<\/span>\n\t\t<\/div>\n\t\t\t\t\t\t<\/div>\n\t\t\t\t<\/div>\n\t\t\t\t\t<\/div>\n\t\t\t\t<\/div>\n\t\t<div class=\"elementor-element elementor-element-2444536 e-flex e-con-boxed e-con e-parent\" data-id=\"2444536\" data-element_type=\"container\" data-e-type=\"container\">\n\t\t\t\t\t<div class=\"e-con-inner\">\n\t\t<div class=\"elementor-element elementor-element-b0b1e90 e-con-full e-flex e-con e-child\" data-id=\"b0b1e90\" data-element_type=\"container\" data-e-type=\"container\">\n\t\t\t\t<div class=\"elementor-element elementor-element-bb94128 exad-sticky-section-no exad-glass-effect-no elementor-widget elementor-widget-image\" data-id=\"bb94128\" data-element_type=\"widget\" data-e-type=\"widget\" data-widget_type=\"image.default\">\n\t\t\t\t<div class=\"elementor-widget-container\">\n\t\t\t\t\t\t\t\t\t\t\t\t\t\t\t<img fetchpriority=\"high\" decoding=\"async\" width=\"300\" height=\"226\" src=\"https:\/\/caferanaazul.com\/wp-content\/uploads\/2024\/08\/Cafe-Rana-Azul--300x226.jpg\" class=\"attachment-medium size-medium wp-image-16560\" alt=\"\" srcset=\"https:\/\/caferanaazul.com\/wp-content\/uploads\/2024\/08\/Cafe-Rana-Azul--300x226.jpg 300w, https:\/\/caferanaazul.com\/wp-content\/uploads\/2024\/08\/Cafe-Rana-Azul--1024x773.jpg 1024w, https:\/\/caferanaazul.com\/wp-content\/uploads\/2024\/08\/Cafe-Rana-Azul--768x580.jpg 768w, https:\/\/caferanaazul.com\/wp-content\/uploads\/2024\/08\/Cafe-Rana-Azul--800x600.jpg 800w, https:\/\/caferanaazul.com\/wp-content\/uploads\/2024\/08\/Cafe-Rana-Azul--600x453.jpg 600w, https:\/\/caferanaazul.com\/wp-content\/uploads\/2024\/08\/Cafe-Rana-Azul-.jpg 1500w\" sizes=\"(max-width: 300px) 100vw, 300px\" \/>\t\t\t\t\t\t\t\t\t\t\t\t\t\t\t<\/div>\n\t\t\t\t<\/div>\n\t\t\t\t<\/div>\n\t\t<div class=\"elementor-element elementor-element-691849f e-con-full e-flex e-con e-child\" data-id=\"691849f\" data-element_type=\"container\" data-e-type=\"container\">\n\t\t\t\t<div class=\"elementor-element elementor-element-d6120cd exad-sticky-section-no exad-glass-effect-no elementor-widget elementor-widget-text-editor\" data-id=\"d6120cd\" data-element_type=\"widget\" data-e-type=\"widget\" data-widget_type=\"text-editor.default\">\n\t\t\t\t<div class=\"elementor-widget-container\">\n\t\t\t\t\t\t\t\t\t<p><span style=\"background-color: #ffffff; font-family: 'Open Sans'; font-size: 14px; font-weight: 400;\">Somos una peque\u00f1a empresa dedicada a la producci\u00f3n de caf\u00e9 mediante la conservaci\u00f3n, preservaci\u00f3n, protecci\u00f3n y uso de pr\u00e1cticas sostenibles que impactan positivamente en el medio ambiente y clientes al proveer calidad en nuestros productos.<\/span><\/p>\t\t\t\t\t\t\t\t<\/div>\n\t\t\t\t<\/div>\n\t\t\t\t<\/div>\n\t\t\t\t\t<\/div>\n\t\t\t\t<\/div>\n\t\t<div class=\"elementor-element elementor-element-c8106e8 e-flex e-con-boxed e-con e-parent\" data-id=\"c8106e8\" data-element_type=\"container\" data-e-type=\"container\">\n\t\t\t\t\t<div class=\"e-con-inner\">\n\t\t<div class=\"elementor-element elementor-element-86015f3 e-con-full e-flex e-con e-child\" data-id=\"86015f3\" data-element_type=\"container\" data-e-type=\"container\">\n\t\t\t\t<div class=\"elementor-element elementor-element-3ee78a7 exad-sticky-section-no exad-glass-effect-no elementor-widget elementor-widget-text-editor\" data-id=\"3ee78a7\" data-element_type=\"widget\" data-e-type=\"widget\" data-widget_type=\"text-editor.default\">\n\t\t\t\t<div class=\"elementor-widget-container\">\n\t\t\t\t\t\t\t\t\t<h2>SIEMBRA, CUIDO Y CAMPO<\/h2><p>\u00a0<\/p><p><span style=\"background-color: #ffffff;\">En nuestra finca, cada grano de caf\u00e9 refleja nuestra dedicaci\u00f3n y respeto por la naturaleza. Priorizamos la conservaci\u00f3n ambiental mediante pr\u00e1cticas agr\u00edcolas sostenibles, como la agroforester\u00eda y la conservaci\u00f3n del agua. Estos m\u00e9todos mejoran la calidad del caf\u00e9 y protegen la biodiversidad. Al elegir nuestro caf\u00e9, apoyas una producci\u00f3n responsable que combina calidad y protecci\u00f3n del medio ambiente.<\/span><\/p>\t\t\t\t\t\t\t\t<\/div>\n\t\t\t\t<\/div>\n\t\t\t\t<\/div>\n\t\t<div class=\"elementor-element elementor-element-bb2e6be e-con-full e-flex e-con e-child\" data-id=\"bb2e6be\" data-element_type=\"container\" data-e-type=\"container\">\n\t\t\t\t<div class=\"elementor-element elementor-element-6c65cf4 exad-sticky-section-no exad-glass-effect-no elementor-widget elementor-widget-image\" data-id=\"6c65cf4\" data-element_type=\"widget\" data-e-type=\"widget\" data-widget_type=\"image.default\">\n\t\t\t\t<div class=\"elementor-widget-container\">\n\t\t\t\t\t\t\t\t\t\t\t\t\t\t\t<img decoding=\"async\" width=\"768\" height=\"512\" src=\"https:\/\/caferanaazul.com\/wp-content\/uploads\/2024\/07\/cafe-768x512.jpg\" class=\"attachment-medium_large size-medium_large wp-image-16500\" alt=\"\" srcset=\"https:\/\/caferanaazul.com\/wp-content\/uploads\/2024\/07\/cafe-768x512.jpg 768w, https:\/\/caferanaazul.com\/wp-content\/uploads\/2024\/07\/cafe-300x200.jpg 300w, https:\/\/caferanaazul.com\/wp-content\/uploads\/2024\/07\/cafe-1024x683.jpg 1024w, https:\/\/caferanaazul.com\/wp-content\/uploads\/2024\/07\/cafe-600x400.jpg 600w, https:\/\/caferanaazul.com\/wp-content\/uploads\/2024\/07\/cafe.jpg 1500w\" sizes=\"(max-width: 768px) 100vw, 768px\" \/>\t\t\t\t\t\t\t\t\t\t\t\t\t\t\t<\/div>\n\t\t\t\t<\/div>\n\t\t\t\t<\/div>\n\t\t\t\t\t<\/div>\n\t\t\t\t<\/div>\n\t\t<div class=\"elementor-element elementor-element-c8c40ae e-flex e-con-boxed e-con e-parent\" data-id=\"c8c40ae\" data-element_type=\"container\" data-e-type=\"container\">\n\t\t\t\t\t<div class=\"e-con-inner\">\n\t\t<div class=\"elementor-element elementor-element-0180c83 e-con-full e-flex e-con e-child\" data-id=\"0180c83\" data-element_type=\"container\" data-e-type=\"container\">\n\t\t\t\t<div class=\"elementor-element elementor-element-f7ef005 exad-sticky-section-no exad-glass-effect-no elementor-widget elementor-widget-video\" data-id=\"f7ef005\" data-element_type=\"widget\" data-e-type=\"widget\" data-settings=\"{&quot;video_type&quot;:&quot;dailymotion&quot;,&quot;show_image_overlay&quot;:&quot;yes&quot;,&quot;image_overlay&quot;:{&quot;url&quot;:&quot;https:\\\/\\\/caferanaazul.com\\\/wp-content\\\/uploads\\\/2024\\\/10\\\/IMG_8531_Original.jpg&quot;,&quot;id&quot;:16860,&quot;size&quot;:&quot;&quot;,&quot;alt&quot;:&quot;&quot;,&quot;source&quot;:&quot;library&quot;},&quot;controls&quot;:&quot;yes&quot;}\" data-widget_type=\"video.default\">\n\t\t\t\t<div class=\"elementor-widget-container\">\n\t\t\t\t\t\t\t<div class=\"elementor-wrapper elementor-open-inline\">\n\t\t\t<iframe class=\"elementor-video-iframe\" allowfullscreen allow=\"clipboard-write\" title=\"Reproductor de v\u00eddeo vimeo\" src=\"https:\/\/player.vimeo.com\/video\/1029771974?ui-highlight&amp;start&amp;endscreen-enable=0&amp;controls=1&amp;mute=0&amp;ui-start-screen-info=1&amp;ui-logo=0#t=\"><\/iframe>\t\t\t\t<div class=\"elementor-custom-embed-image-overlay\" style=\"background-image: url(https:\/\/caferanaazul.com\/wp-content\/uploads\/2024\/10\/IMG_8531_Original.jpg);\">\n\t\t\t\t\t\t\t\t\t\t\t\t\t\t\t\t<div class=\"elementor-custom-embed-play\" role=\"button\" aria-label=\"Reproducir v\u00eddeo\" tabindex=\"0\">\n\t\t\t\t\t\t\t<svg aria-hidden=\"true\" class=\"e-font-icon-svg e-eicon-play\" viewBox=\"0 0 1000 1000\" xmlns=\"http:\/\/www.w3.org\/2000\/svg\"><path d=\"M838 162C746 71 633 25 500 25 371 25 258 71 163 162 71 254 25 367 25 500 25 633 71 746 163 837 254 929 367 979 500 979 633 979 746 933 838 837 929 746 975 633 975 500 975 367 929 254 838 162M808 192C892 279 933 379 933 500 933 621 892 725 808 808 725 892 621 938 500 938 379 938 279 896 196 808 113 725 67 621 67 500 67 379 108 279 196 192 279 108 383 62 500 62 621 62 721 108 808 192M438 392V642L642 517 438 392Z\"><\/path><\/svg>\t\t\t\t\t\t<\/div>\n\t\t\t\t\t\t\t\t\t<\/div>\n\t\t\t\t\t<\/div>\n\t\t\t\t\t\t<\/div>\n\t\t\t\t<\/div>\n\t\t\t\t<\/div>\n\t\t<div class=\"elementor-element elementor-element-abffa0c e-con-full e-flex e-con e-child\" data-id=\"abffa0c\" data-element_type=\"container\" data-e-type=\"container\">\n\t\t\t\t<div class=\"elementor-element elementor-element-d80b4df exad-sticky-section-no exad-glass-effect-no elementor-widget elementor-widget-text-editor\" data-id=\"d80b4df\" data-element_type=\"widget\" data-e-type=\"widget\" data-widget_type=\"text-editor.default\">\n\t\t\t\t<div class=\"elementor-widget-container\">\n\t\t\t\t\t\t\t\t\t<h2>MICRO-BENEFICIO Y COSECHA<\/h2><p>\u00a0<\/p><p>En la producci\u00f3n de nuestro caf\u00e9, implementamos pr\u00e1cticas sostenibles que marcan una diferencia significativa en comparaci\u00f3n con los m\u00e9todos tradicionales. Primero, recolectamos a mano solo los granos maduros, lo que asegura la calidad del producto. Luego, reciclamos el agua utilizada en el proceso de lavado, logrando una reducci\u00f3n considerable en el consumo, con un ahorro de aproximadamente 600 litros diarios. Esta pr\u00e1ctica no solo conserva un recurso vital, sino que tambi\u00e9n disminuye el impacto ambiental asociado.<\/p><p>Nuestro caf\u00e9 se seca al sol en invernaderos sostenibles, donde estas t\u00e9cnicas nos ayudan garantizar tanto la calidad del producto como un menor impacto ambiental.<\/p>\t\t\t\t\t\t\t\t<\/div>\n\t\t\t\t<\/div>\n\t\t\t\t<\/div>\n\t\t\t\t\t<\/div>\n\t\t\t\t<\/div>\n\t\t<div class=\"elementor-element elementor-element-d1f1b93 e-flex e-con-boxed e-con e-parent\" data-id=\"d1f1b93\" data-element_type=\"container\" data-e-type=\"container\">\n\t\t\t\t\t<div class=\"e-con-inner\">\n\t\t<div class=\"elementor-element elementor-element-8022a91 e-con-full e-flex e-con e-child\" data-id=\"8022a91\" data-element_type=\"container\" data-e-type=\"container\">\n\t\t\t\t<div class=\"elementor-element elementor-element-9b23733 exad-sticky-section-no exad-glass-effect-no elementor-widget elementor-widget-text-editor\" data-id=\"9b23733\" data-element_type=\"widget\" data-e-type=\"widget\" data-widget_type=\"text-editor.default\">\n\t\t\t\t<div class=\"elementor-widget-container\">\n\t\t\t\t\t\t\t\t\t<h2>TOSTADOR INTELIGENTE LORING<\/h2><div><br><\/div>\n<p>Nosotros tostamos todo nuestro caf\u00e9 en un Loring Smart Roast S35 Kestrel, los tostadores comerciales m\u00e1s ecol\u00f3gicos disponibles. Los tostadores Loring usan un 80% menos de energ\u00eda y emiten un 80% menos de emisiones que un tostador est\u00e1ndar comparable, y el reciclaje del aire caliente del tambor del tostador elimina la necesidad de un posquemador.<\/p>\t\t\t\t\t\t\t\t<\/div>\n\t\t\t\t<\/div>\n\t\t\t\t<\/div>\n\t\t<div class=\"elementor-element elementor-element-c8e71b3 e-con-full e-flex e-con e-child\" data-id=\"c8e71b3\" data-element_type=\"container\" data-e-type=\"container\">\n\t\t\t\t<div class=\"elementor-element elementor-element-1234292 exad-sticky-section-no exad-glass-effect-no elementor-widget elementor-widget-image\" data-id=\"1234292\" data-element_type=\"widget\" data-e-type=\"widget\" data-widget_type=\"image.default\">\n\t\t\t\t<div class=\"elementor-widget-container\">\n\t\t\t\t\t\t\t\t\t\t\t\t\t\t\t<img decoding=\"async\" width=\"1024\" height=\"683\" src=\"https:\/\/caferanaazul.com\/wp-content\/uploads\/2024\/07\/tostadora-1024x683.jpg\" class=\"attachment-large size-large wp-image-16503\" alt=\"\" srcset=\"https:\/\/caferanaazul.com\/wp-content\/uploads\/2024\/07\/tostadora-1024x683.jpg 1024w, https:\/\/caferanaazul.com\/wp-content\/uploads\/2024\/07\/tostadora-300x200.jpg 300w, https:\/\/caferanaazul.com\/wp-content\/uploads\/2024\/07\/tostadora-768x512.jpg 768w, https:\/\/caferanaazul.com\/wp-content\/uploads\/2024\/07\/tostadora-600x400.jpg 600w, https:\/\/caferanaazul.com\/wp-content\/uploads\/2024\/07\/tostadora.jpg 1500w\" sizes=\"(max-width: 1024px) 100vw, 1024px\" \/>\t\t\t\t\t\t\t\t\t\t\t\t\t\t\t<\/div>\n\t\t\t\t<\/div>\n\t\t\t\t<\/div>\n\t\t\t\t\t<\/div>\n\t\t\t\t<\/div>\n\t\t<div class=\"elementor-element elementor-element-35bf971 e-flex e-con-boxed e-con e-parent\" data-id=\"35bf971\" data-element_type=\"container\" data-e-type=\"container\">\n\t\t\t\t\t<div class=\"e-con-inner\">\n\t\t\t\t<div class=\"elementor-element elementor-element-b2e84ad elementor-widget-divider--separator-type-pattern elementor-widget-divider--no-spacing elementor-widget-divider--view-line exad-sticky-section-no exad-glass-effect-no elementor-widget elementor-widget-divider\" data-id=\"b2e84ad\" data-element_type=\"widget\" data-e-type=\"widget\" data-widget_type=\"divider.default\">\n\t\t\t\t<div class=\"elementor-widget-container\">\n\t\t\t\t\t\t\t<div class=\"elementor-divider\" style=\"--divider-pattern-url: url(&quot;data:image\/svg+xml,%3Csvg xmlns=&#039;http:\/\/www.w3.org\/2000\/svg&#039; preserveAspectRatio=&#039;xMidYMid meet&#039; overflow=&#039;visible&#039; height=&#039;100%&#039; viewBox=&#039;0 0 126 26&#039; fill=&#039;black&#039; stroke=&#039;none&#039;%3E%3Cpath d=&#039;M3,10.2c2.6,0,2.6,2,2.6,3.2S4.4,16.5,3,16.5s-3-1.4-3-3.2S0.4,10.2,3,10.2z M18.8,10.2c1.7,0,3.2,1.4,3.2,3.2s-1.4,3.2-3.2,3.2c-1.7,0-3.2-1.4-3.2-3.2S17,10.2,18.8,10.2z M34.6,10.2c1.5,0,2.6,1.4,2.6,3.2s-0.5,3.2-1.9,3.2c-1.5,0-3.4-1.4-3.4-3.2S33.1,10.2,34.6,10.2z M50.5,10.2c1.7,0,3.2,1.4,3.2,3.2s-1.4,3.2-3.2,3.2c-1.7,0-3.3-0.9-3.3-2.6S48.7,10.2,50.5,10.2z M66.2,10.2c1.5,0,3.4,1.4,3.4,3.2s-1.9,3.2-3.4,3.2c-1.5,0-2.6-0.4-2.6-2.1S64.8,10.2,66.2,10.2z M82.2,10.2c1.7,0.8,2.6,1.4,2.6,3.2s-0.1,3.2-1.6,3.2c-1.5,0-3.7-1.4-3.7-3.2S80.5,9.4,82.2,10.2zM98.6,10.2c1.5,0,2.6,0.4,2.6,2.1s-1.2,4.2-2.6,4.2c-1.5,0-3.7-0.4-3.7-2.1S97.1,10.2,98.6,10.2z M113.4,10.2c1.2,0,2.2,0.9,2.2,3.2s-0.1,3.2-1.3,3.2s-3.1-1.4-3.1-3.2S112.2,10.2,113.4,10.2z&#039;\/%3E%3C\/svg%3E&quot;);\">\n\t\t\t<span class=\"elementor-divider-separator\">\n\t\t\t\t\t\t<\/span>\n\t\t<\/div>\n\t\t\t\t\t\t<\/div>\n\t\t\t\t<\/div>\n\t\t\t\t\t<\/div>\n\t\t\t\t<\/div>\n\t\t\t\t<\/div>\n\t\t","protected":false},"excerpt":{"rendered":"<p>Somos una peque\u00f1a empresa dedicada a la producci\u00f3n de caf\u00e9 mediante la conservaci\u00f3n, preservaci\u00f3n, protecci\u00f3n y uso de pr\u00e1cticas sostenibles que impactan positivamente en el medio ambiente y clientes al&#8230;<\/p>\n","protected":false},"author":19,"featured_media":0,"parent":0,"menu_order":0,"comment_status":"closed","ping_status":"closed","template":"","meta":{"inline_featured_image":false,"_monsterinsights_skip_tracking":false,"_joinchat":[],"footnotes":""},"class_list":["post-21055","page","type-page","status-publish","hentry"],"yoast_head":"<!-- This site is optimized with the Yoast SEO plugin v28.3 - https:\/\/yoast.com\/product\/yoast-seo-wordpress\/ -->\n<title>Sobre Nuestro Caf\u00e9 - Caf\u00e9 Rana Azul<\/title>\n<meta name=\"robots\" content=\"index, follow, max-snippet:-1, max-image-preview:large, max-video-preview:-1\" \/>\n<link rel=\"canonical\" href=\"https:\/\/caferanaazul.com\/es\/acerca-de-nosotros\/\" \/>\n<meta property=\"og:locale\" content=\"es_ES\" \/>\n<meta property=\"og:type\" content=\"article\" \/>\n<meta property=\"og:title\" content=\"Sobre Nuestro Caf\u00e9 - Caf\u00e9 Rana Azul\" \/>\n<meta property=\"og:description\" content=\"Somos una peque\u00f1a empresa dedicada a la producci\u00f3n de caf\u00e9 mediante la conservaci\u00f3n, preservaci\u00f3n, protecci\u00f3n y uso de pr\u00e1cticas sostenibles que impactan positivamente en el medio ambiente y clientes al...\" \/>\n<meta property=\"og:url\" content=\"https:\/\/caferanaazul.com\/es\/acerca-de-nosotros\/\" \/>\n<meta property=\"og:site_name\" content=\"Caf\u00e9 Rana Azul\" \/>\n<meta property=\"article:modified_time\" content=\"2026-01-13T15:04:43+00:00\" \/>\n<meta property=\"og:image\" content=\"https:\/\/caferanaazul.com\/wp-content\/uploads\/2024\/08\/Cafe-Rana-Azul-.jpg\" \/>\n\t<meta property=\"og:image:width\" content=\"1500\" \/>\n\t<meta property=\"og:image:height\" content=\"1132\" \/>\n\t<meta property=\"og:image:type\" content=\"image\/jpeg\" \/>\n<meta name=\"twitter:card\" content=\"summary_large_image\" \/>\n<meta name=\"twitter:label1\" content=\"Tiempo de lectura\" \/>\n\t<meta name=\"twitter:data1\" content=\"2 minutos\" \/>\n<script type=\"application\/ld+json\" class=\"yoast-schema-graph\">{\"@context\":\"https:\\\/\\\/schema.org\",\"@graph\":[{\"@type\":\"WebPage\",\"@id\":\"https:\\\/\\\/caferanaazul.com\\\/es\\\/acerca-de-nosotros\\\/\",\"url\":\"https:\\\/\\\/caferanaazul.com\\\/es\\\/acerca-de-nosotros\\\/\",\"name\":\"Sobre Nuestro Caf\u00e9 - Caf\u00e9 Rana Azul\",\"isPartOf\":{\"@id\":\"https:\\\/\\\/caferanaazul.com\\\/es\\\/#website\"},\"primaryImageOfPage\":{\"@id\":\"https:\\\/\\\/caferanaazul.com\\\/es\\\/acerca-de-nosotros\\\/#primaryimage\"},\"image\":{\"@id\":\"https:\\\/\\\/caferanaazul.com\\\/es\\\/acerca-de-nosotros\\\/#primaryimage\"},\"thumbnailUrl\":\"https:\\\/\\\/caferanaazul.com\\\/wp-content\\\/uploads\\\/2024\\\/08\\\/Cafe-Rana-Azul--300x226.jpg\",\"datePublished\":\"2025-10-01T18:16:34+00:00\",\"dateModified\":\"2026-01-13T15:04:43+00:00\",\"breadcrumb\":{\"@id\":\"https:\\\/\\\/caferanaazul.com\\\/es\\\/acerca-de-nosotros\\\/#breadcrumb\"},\"inLanguage\":\"es\",\"potentialAction\":[{\"@type\":\"ReadAction\",\"target\":[\"https:\\\/\\\/caferanaazul.com\\\/es\\\/acerca-de-nosotros\\\/\"]}]},{\"@type\":\"ImageObject\",\"inLanguage\":\"es\",\"@id\":\"https:\\\/\\\/caferanaazul.com\\\/es\\\/acerca-de-nosotros\\\/#primaryimage\",\"url\":\"https:\\\/\\\/caferanaazul.com\\\/wp-content\\\/uploads\\\/2024\\\/08\\\/Cafe-Rana-Azul--300x226.jpg\",\"contentUrl\":\"https:\\\/\\\/caferanaazul.com\\\/wp-content\\\/uploads\\\/2024\\\/08\\\/Cafe-Rana-Azul--300x226.jpg\"},{\"@type\":\"BreadcrumbList\",\"@id\":\"https:\\\/\\\/caferanaazul.com\\\/es\\\/acerca-de-nosotros\\\/#breadcrumb\",\"itemListElement\":[{\"@type\":\"ListItem\",\"position\":1,\"name\":\"Home\",\"item\":\"https:\\\/\\\/caferanaazul.com\\\/es\\\/\"},{\"@type\":\"ListItem\",\"position\":2,\"name\":\"Sobre Nuestro Caf\u00e9\"}]},{\"@type\":\"WebSite\",\"@id\":\"https:\\\/\\\/caferanaazul.com\\\/es\\\/#website\",\"url\":\"https:\\\/\\\/caferanaazul.com\\\/es\\\/\",\"name\":\"Caf\u00e9 Rana Azul\",\"description\":\"\",\"potentialAction\":[{\"@type\":\"SearchAction\",\"target\":{\"@type\":\"EntryPoint\",\"urlTemplate\":\"https:\\\/\\\/caferanaazul.com\\\/es\\\/?s={search_term_string}\"},\"query-input\":{\"@type\":\"PropertyValueSpecification\",\"valueRequired\":true,\"valueName\":\"search_term_string\"}}],\"inLanguage\":\"es\"}]}<\/script>\n<!-- \/ Yoast SEO plugin. -->","yoast_head_json":{"title":"Sobre Nuestro Caf\u00e9 - Caf\u00e9 Rana Azul","robots":{"index":"index","follow":"follow","max-snippet":"max-snippet:-1","max-image-preview":"max-image-preview:large","max-video-preview":"max-video-preview:-1"},"canonical":"https:\/\/caferanaazul.com\/es\/acerca-de-nosotros\/","og_locale":"es_ES","og_type":"article","og_title":"Sobre Nuestro Caf\u00e9 - Caf\u00e9 Rana Azul","og_description":"Somos una peque\u00f1a empresa dedicada a la producci\u00f3n de caf\u00e9 mediante la conservaci\u00f3n, preservaci\u00f3n, protecci\u00f3n y uso de pr\u00e1cticas sostenibles que impactan positivamente en el medio ambiente y clientes al...","og_url":"https:\/\/caferanaazul.com\/es\/acerca-de-nosotros\/","og_site_name":"Caf\u00e9 Rana Azul","article_modified_time":"2026-01-13T15:04:43+00:00","og_image":[{"width":1500,"height":1132,"url":"https:\/\/caferanaazul.com\/wp-content\/uploads\/2024\/08\/Cafe-Rana-Azul-.jpg","type":"image\/jpeg"}],"twitter_card":"summary_large_image","twitter_misc":{"Tiempo de lectura":"2 minutos"},"schema":{"@context":"https:\/\/schema.org","@graph":[{"@type":"WebPage","@id":"https:\/\/caferanaazul.com\/es\/acerca-de-nosotros\/","url":"https:\/\/caferanaazul.com\/es\/acerca-de-nosotros\/","name":"Sobre Nuestro Caf\u00e9 - Caf\u00e9 Rana Azul","isPartOf":{"@id":"https:\/\/caferanaazul.com\/es\/#website"},"primaryImageOfPage":{"@id":"https:\/\/caferanaazul.com\/es\/acerca-de-nosotros\/#primaryimage"},"image":{"@id":"https:\/\/caferanaazul.com\/es\/acerca-de-nosotros\/#primaryimage"},"thumbnailUrl":"https:\/\/caferanaazul.com\/wp-content\/uploads\/2024\/08\/Cafe-Rana-Azul--300x226.jpg","datePublished":"2025-10-01T18:16:34+00:00","dateModified":"2026-01-13T15:04:43+00:00","breadcrumb":{"@id":"https:\/\/caferanaazul.com\/es\/acerca-de-nosotros\/#breadcrumb"},"inLanguage":"es","potentialAction":[{"@type":"ReadAction","target":["https:\/\/caferanaazul.com\/es\/acerca-de-nosotros\/"]}]},{"@type":"ImageObject","inLanguage":"es","@id":"https:\/\/caferanaazul.com\/es\/acerca-de-nosotros\/#primaryimage","url":"https:\/\/caferanaazul.com\/wp-content\/uploads\/2024\/08\/Cafe-Rana-Azul--300x226.jpg","contentUrl":"https:\/\/caferanaazul.com\/wp-content\/uploads\/2024\/08\/Cafe-Rana-Azul--300x226.jpg"},{"@type":"BreadcrumbList","@id":"https:\/\/caferanaazul.com\/es\/acerca-de-nosotros\/#breadcrumb","itemListElement":[{"@type":"ListItem","position":1,"name":"Home","item":"https:\/\/caferanaazul.com\/es\/"},{"@type":"ListItem","position":2,"name":"Sobre Nuestro Caf\u00e9"}]},{"@type":"WebSite","@id":"https:\/\/caferanaazul.com\/es\/#website","url":"https:\/\/caferanaazul.com\/es\/","name":"Caf\u00e9 Rana Azul","description":"","potentialAction":[{"@type":"SearchAction","target":{"@type":"EntryPoint","urlTemplate":"https:\/\/caferanaazul.com\/es\/?s={search_term_string}"},"query-input":{"@type":"PropertyValueSpecification","valueRequired":true,"valueName":"search_term_string"}}],"inLanguage":"es"}]}},"featured_image_src":null,"featured_image_src_square":null,"_links":{"self":[{"href":"https:\/\/caferanaazul.com\/es\/wp-json\/wp\/v2\/pages\/21055","targetHints":{"allow":["GET"]}}],"collection":[{"href":"https:\/\/caferanaazul.com\/es\/wp-json\/wp\/v2\/pages"}],"about":[{"href":"https:\/\/caferanaazul.com\/es\/wp-json\/wp\/v2\/types\/page"}],"author":[{"embeddable":true,"href":"https:\/\/caferanaazul.com\/es\/wp-json\/wp\/v2\/users\/19"}],"replies":[{"embeddable":true,"href":"https:\/\/caferanaazul.com\/es\/wp-json\/wp\/v2\/comments?post=21055"}],"version-history":[{"count":20,"href":"https:\/\/caferanaazul.com\/es\/wp-json\/wp\/v2\/pages\/21055\/revisions"}],"predecessor-version":[{"id":21338,"href":"https:\/\/caferanaazul.com\/es\/wp-json\/wp\/v2\/pages\/21055\/revisions\/21338"}],"wp:attachment":[{"href":"https:\/\/caferanaazul.com\/es\/wp-json\/wp\/v2\/media?parent=21055"}],"curies":[{"name":"wp","href":"https:\/\/api.w.org\/{rel}","templated":true}]}}